{"id":688,"date":"2023-02-09T09:47:26","date_gmt":"2023-02-09T08:47:26","guid":{"rendered":"http:\/\/uanblbe.cluster029.hosting.ovh.net\/1\/?page_id=688"},"modified":"2025-01-27T11:45:22","modified_gmt":"2025-01-27T10:45:22","slug":"politique-de-confidentialite","status":"publish","type":"page","link":"https:\/\/www.ceres-advisory.io\/index.php\/politique-de-confidentialite\/","title":{"rendered":"Politique de confidentialit\u00e9"},"content":{"rendered":"<p>[et_pb_section fb_built=\u00a0\u00bb1&Prime; module_class=\u00a0\u00bbcgv-header-section\u00a0\u00bb _builder_version=\u00a0\u00bb4.19.4&Prime; _module_preset=\u00a0\u00bbdefault\u00a0\u00bb global_colors_info=\u00a0\u00bb{}\u00a0\u00bb][et_pb_row module_class=\u00a0\u00bbcgv-header-row\u00a0\u00bb _builder_version=\u00a0\u00bb4.19.4&Prime; _module_preset=\u00a0\u00bbdefault\u00a0\u00bb global_colors_info=\u00a0\u00bb{}\u00a0\u00bb][et_pb_column type=\u00a0\u00bb4_4&Prime; _builder_version=\u00a0\u00bb4.19.4&Prime; _module_preset=\u00a0\u00bbdefault\u00a0\u00bb global_colors_info=\u00a0\u00bb{}\u00a0\u00bb][et_pb_post_title meta=\u00a0\u00bboff\u00a0\u00bb featured_image=\u00a0\u00bboff\u00a0\u00bb text_color=\u00a0\u00bblight\u00a0\u00bb module_class=\u00a0\u00bbcgv-header-module\u00a0\u00bb _builder_version=\u00a0\u00bb4.19.4&Prime; _module_preset=\u00a0\u00bbdefault\u00a0\u00bb global_colors_info=\u00a0\u00bb{}\u00a0\u00bb][\/et_pb_post_title][\/et_pb_column][\/et_pb_row][\/et_pb_section][et_pb_section fb_built=\u00a0\u00bb1&Prime; module_class=\u00a0\u00bbcgv-section\u00a0\u00bb _builder_version=\u00a0\u00bb4.19.4&Prime; _module_preset=\u00a0\u00bbdefault\u00a0\u00bb global_colors_info=\u00a0\u00bb{}\u00a0\u00bb][et_pb_row module_class=\u00a0\u00bbcgv-row\u00a0\u00bb _builder_version=\u00a0\u00bb4.19.4&Prime; _module_preset=\u00a0\u00bbdefault\u00a0\u00bb global_colors_info=\u00a0\u00bb{}\u00a0\u00bb][et_pb_column type=\u00a0\u00bb4_4&Prime; _builder_version=\u00a0\u00bb4.19.4&Prime; _module_preset=\u00a0\u00bbdefault\u00a0\u00bb global_colors_info=\u00a0\u00bb{}\u00a0\u00bb][et_pb_cta title=\u00a0\u00bb1. Pr\u00e9ambule :\u00a0\u00bb admin_label=\u00a0\u00bb1. Pr\u00e9ambule\u00a0\u00bb module_class=\u00a0\u00bbcgv-title\u00a0\u00bb _builder_version=\u00a0\u00bb4.19.5&Prime; _module_preset=\u00a0\u00bbdefault\u00a0\u00bb background_layout=\u00a0\u00bblight\u00a0\u00bb global_colors_info=\u00a0\u00bb{}\u00a0\u00bb]<\/p>\n<p>Le pr\u00e9sent document est destin\u00e9 \u00e0 vous informer de la politique men\u00e9e par CERES ADVISORY en mati\u00e8re de protection des donn\u00e9es \u00e0 caract\u00e8re personnel et des droits relatifs \u00e0 la protection des donn\u00e9es \u00e0 caract\u00e8re personnel.<\/p>\n<p>Cette politique est consultable \u00e0 partir du site internet <a href=\"https:\/\/www.ceres-advisory.io\">https:\/\/www.ceres-advisory.io<\/a> et peut \u00eatre mise \u00e0 disposition sur simple demande \u00e0 l\u2019adresse <a href=\"mailto:dpo@ceres-advisory.io\">dpo@ceres-advisory.io<\/a><\/p>\n<p>[\/et_pb_cta][et_pb_cta title=\u00a0\u00bb2. D\u00e9finitions et p\u00e9rim\u00e8tre :\u00a0\u00bb admin_label=\u00a0\u00bb2. D\u00e9finitions et p\u00e9rim\u00e8tre\u00a0\u00bb module_class=\u00a0\u00bbcgv-title\u00a0\u00bb _builder_version=\u00a0\u00bb4.19.5&Prime; _module_preset=\u00a0\u00bbdefault\u00a0\u00bb background_layout=\u00a0\u00bblight\u00a0\u00bb global_colors_info=\u00a0\u00bb{}\u00a0\u00bb]<\/p>\n<h3>2.1 D\u00e9finitions<\/h3>\n<p>\u00ab\u00a0<strong>Entit\u00e9<\/strong>\u00a0\u00bb\u00a0: d\u00e9signe\u00a0l\u2019entit\u00e9 CERES ADVISORY<\/p>\n<p>\u00ab\u00a0<strong>Mission\u00a0<\/strong>\u00bb : d\u00e9signe une prestation conclut entre un client et l\u2019entit\u00e9 CERES ADVISORY pour apporter assistance au client selon les termes convenus.<\/p>\n<p>\u00ab\u00a0<strong>Candidat\u00a0<\/strong>\u00bb : d\u00e9signe une personne qui souhaite int\u00e9grer l\u2019entit\u00e9 CERES ADVISORY<\/p>\n<p>\u00ab\u00a0<strong>Collaborateur\u00a0<\/strong>\u00bb : d\u00e9signe une personne ayant int\u00e9gr\u00e9 l\u2019entit\u00e9 CERES ADVISORY, toujours pr\u00e9sente au sein de l\u2019entit\u00e9.<\/p>\n<p>\u00ab\u00a0<strong>Ex-collaborateur\u00a0<\/strong>\u00bb : d\u00e9signe une personne ayant int\u00e9gr\u00e9 l\u2019entit\u00e9 CERES ADVISORY (ou une des entit\u00e9s du Groupe dont fait partie CERES ADVISORY), mais ne faisant plus partie des effectifs suite \u00e0 la rupture du contrat \u00e0 l\u2019initiative du collaborateur ou de l\u2019entit\u00e9.<\/p>\n<p>\u00ab <strong>Utilisateur\u00a0<\/strong>\u00bb : d\u00e9signe une personne, sans lien avec une des entit\u00e9s (ni candidat, ni collaborateur), utilisant le site internet et laissant ses coordonn\u00e9es pour \u00eatre recontact\u00e9e.<\/p>\n<p><strong>\u00ab\u00a0Client\u00a0\u00bb<\/strong>\u00a0: d\u00e9signe une personne, en lien commercial direct, avec l\u2019entit\u00e9 CERES ADVISORY (ou une des entit\u00e9s du Groupe dont fait partie CERES ADVISORY)<\/p>\n<p><strong>\u00ab\u00a0Prospect\u00a0\u00bb\u00a0: <\/strong>d\u00e9signe une personne, en contact commercial, avec l\u2019entit\u00e9 CERES ADVISORY (ou une des entit\u00e9s du Groupe dont fait partie CERES ADVISORY)<strong><\/p>\n<p>\u00ab\u00a0Partenaires\u00a0\u00bb\u00a0: <\/strong>d\u00e9signe une personne ayant nou\u00e9s des liens de partenariats commerciaux, \u00e9ditoriaux ou technologiques avec l\u2019entit\u00e9 CERES ADVISORY (ou une des entit\u00e9s du Groupe dont fait partie CERES ADVISORY)<\/p>\n<p><strong>\u00ab\u00a0Sous-traitant\u00a0<\/strong>\u00bb : d\u00e9signe toute soci\u00e9t\u00e9 qui peut \u00eatre amen\u00e9e \u00e0 traiter des Donn\u00e9es Personnelles, pour le compte de l\u2019entit\u00e9 CERES ADVISORY conform\u00e9ment aux instructions donn\u00e9es par celle(s)-ci.<\/p>\n<h3>2.2 P\u00e9rim\u00e8tre<\/h3>\n<p>La Politique de Protection des Donn\u00e9es s\u2019applique\u00a0:<\/p>\n<p>Aux collaborateurs de l\u2019entit\u00e9 CERES ADVISORY<\/p>\n<ul>\n<li>Aux collaborateurs et ex-collaborateurs de l\u2019entit\u00e9 CERES ADVISORY (ou une des entit\u00e9s du Groupe dont fait partie CERES ADVISORY)<\/li>\n<li>Aux candidats postulant \u00e0 un poste au sein de l\u2019entit\u00e9 CERES ADVISORY (ou une des entit\u00e9s du Groupe dont fait partie CERES ADVISORY)<\/li>\n<li>Aux personnes travaillant en sous-traitants de l\u2019entit\u00e9 CERES ADVISORY (ou une des entit\u00e9s du Groupe dont fait partie CERES ADVISORY)<\/li>\n<li>Aux clients de l\u2019entit\u00e9 CERES ADVISORY (ou une des entit\u00e9s du Groupe dont fait partie CERES ADVISORY)<\/li>\n<li>Aux prospects de l\u2019entit\u00e9 CERES ADVISORY (ou une des entit\u00e9s du Groupe dont fait partie CERES ADVISORY)<\/li>\n<li>Aux partenaires de l\u2019entit\u00e9 CERES ADVISORY (ou une des entit\u00e9s du Groupe dont fait partie CERES ADVISORY)<\/li>\n<li>Aux utilisateurs des sites internet de l\u2019entit\u00e9 CERES ADVISORY<\/li>\n<\/ul>\n<p>En donnant votre consentement explicite \u00e0 la pr\u00e9sente Politique de Protection des Donn\u00e9es, vous acceptez que vos donn\u00e9es personnelles soient disponibles pour l\u2019entit\u00e9 CERES ADVISORY et les entit\u00e9s du Groupe dont fait partie CERES ADVISORY), selon les modalit\u00e9s d\u00e9finies dans cette politique.<\/p>\n<ol start=\"3\">\n<li><strong> Coordonn\u00e9es du d\u00e9l\u00e9gu\u00e9 \u00e0 la protection des donn\u00e9es<\/strong><\/li>\n<\/ol>\n<p>Le d\u00e9l\u00e9gu\u00e9 \u00e0 la protection des donn\u00e9es de l\u2019entit\u00e9 CERES ADVISORY est joignable \u00e0 <a href=\"mailto:dpo@ceres-advisory.io\">dpo@ceres-advisory.io<\/a>[\/et_pb_cta][et_pb_cta title=\u00a0\u00bb3. Coordonn\u00e9es du d\u00e9l\u00e9gu\u00e9 \u00e0 la protection des donn\u00e9es :\u00a0\u00bb admin_label=\u00a0\u00bb3. Coordonn\u00e9es du d\u00e9l\u00e9gu\u00e9 \u00e0 la protection des donn\u00e9es\u00a0\u00bb module_class=\u00a0\u00bbcgv-title\u00a0\u00bb _builder_version=\u00a0\u00bb4.19.4&Prime; _module_preset=\u00a0\u00bbdefault\u00a0\u00bb background_layout=\u00a0\u00bblight\u00a0\u00bb global_colors_info=\u00a0\u00bb{}\u00a0\u00bb]<\/p>\n<p>Le d\u00e9l\u00e9gu\u00e9 \u00e0 la protection des donn\u00e9es de l\u2019entit\u00e9 ARCHIMED PARTNERS est joignable \u00e0 <a href=\"mailto:dpo@arcimed-partners.fr\">dpo@arcimed-partners.fr<\/a><\/p>\n<p>[\/et_pb_cta][et_pb_cta title=\u00a0\u00bb4. Comment collectons-nous vos Donn\u00e9es Personnelles ?\u00a0\u00bb admin_label=\u00a0\u00bb4. Comment collectons-nous vos Donn\u00e9es Personnelles ?\u00a0\u00bb module_class=\u00a0\u00bbcgv-title\u00a0\u00bb _builder_version=\u00a0\u00bb4.19.5&Prime; _module_preset=\u00a0\u00bbdefault\u00a0\u00bb background_layout=\u00a0\u00bblight\u00a0\u00bb global_colors_info=\u00a0\u00bb{}\u00a0\u00bb]<\/p>\n<ul>\n<li>Collecte spontan\u00e9e\u00a0:<\/li>\n<\/ul>\n<p>A l\u2019initiative d\u2019un utilisateur du site internet qui d\u00e9pose son CV dans le but d\u2019\u00eatre recontact\u00e9 ou \u00e0 l\u2019initiative des personnes en charge de la recherche de candidat pour r\u00e9pondre \u00e0 un besoin commercial. La recherche est effectu\u00e9e \u00e0 partir des r\u00e9seaux sociaux publics. A ce stade, les personnes identifi\u00e9es ne peuvent \u00eatre consid\u00e9r\u00e9es comme candidat et les informations publiques recueillies ne sont pas enregistr\u00e9es dans le syst\u00e8me d\u2019information de l\u2019entreprise.<\/p>\n<ul>\n<li>Collecte lors d\u2019un entretien pr\u00e9alable\u00a0:<\/li>\n<\/ul>\n<p>Au cours d\u2019un entretien de candidature, des donn\u00e9es personnelles peuvent \u00eatre collect\u00e9es et enregistr\u00e9es dans le syst\u00e8me d\u2019information afin d\u2019assurer le processus de suivi des recrutements. La collecte sera au pr\u00e9alable valid\u00e9 aupr\u00e8s du candidat. Ce dernier aura \u00e9t\u00e9 inform\u00e9 des droits et recours relatifs \u00e0 la protection des donn\u00e9es ainsi qu\u2019aux moyens de les mettre en \u0153uvre.<\/p>\n<ul>\n<li>Collecte lors de l\u2019embauche\u00a0:<\/li>\n<\/ul>\n<p>Lors de la signature du contrat pour int\u00e9grer l\u2019entit\u00e9 CERES ADVISORY (ou l\u2019une des entit\u00e9s du Groupe auquel est adoss\u00e9 CERES ADVISORY), les informations personnelles, n\u00e9cessaires \u00e0 la gestion administrative ou commerciale du collaborateur, seront collect\u00e9es et enregistr\u00e9es dans le syst\u00e8me d\u2019information. Le collaborateur aura \u00e9t\u00e9 inform\u00e9 des droits et recours relatifs \u00e0 la protection des donn\u00e9es ainsi qu\u2019aux moyens de les mettre en \u0153uvre<\/p>\n<ul>\n<li>Collecte \u00e0 l\u2019initiative du collaborateur\u00a0:<\/li>\n<\/ul>\n<p>Un collaborateur en activit\u00e9 au sein de l\u2019entit\u00e9 CERES ADVISORY (ou l\u2019une des entit\u00e9s du Groupe auquel est adoss\u00e9 CERES ADVISORY) peut compl\u00e9ter ou modifier le contenu des donn\u00e9es personnelles le concernant. Les donn\u00e9es modifiables concernent l\u2019identit\u00e9 de la personne, sa r\u00e9sidence, ses dipl\u00f4mes, langues pratiqu\u00e9es, comp\u00e9tences et CV.<\/p>\n<p>Un acc\u00e8s s\u00e9curis\u00e9 (login \/ mot de passe) est requis pour acc\u00e9der \u00e0 ces donn\u00e9es personnelles modifiables. Le collaborateur est inform\u00e9 des droits et recours relatifs \u00e0 la protection des donn\u00e9es ainsi qu\u2019aux moyens de les mettre en \u0153uvre<\/p>\n<p>Pour les collaborateurs en activit\u00e9 au 25 mai 2018, dont les donn\u00e9es personnelles sont enregistr\u00e9es dans le syst\u00e8me d\u2019information, une information d\u00e9di\u00e9e est faite pour pr\u00e9senter les droits et recours relatifs \u00e0 la protection des donn\u00e9es ainsi qu\u2019aux moyens de les mettre en \u0153uvre.<\/p>\n<ul>\n<li>Collecte \u00e0 l\u2019initiative du client ou du prospect\u00a0:<\/li>\n<\/ul>\n<p>Dans le cadre d\u2019un des formulaires de contact du site internet dans le but de contacter l\u2019entit\u00e9 CERES ADVISORY (ou l\u2019une des entit\u00e9s du Groupe auquel est adoss\u00e9 CERES ADVISORY) ou d\u2019acc\u00e9der \u00e0 du contenu premium, qui n\u00e9cessite une identification de l\u2019utilisateur.<\/p>\n<ul>\n<li>Collecte \u00e0 l\u2019initiative du partenaire\u00a0:<\/li>\n<\/ul>\n<p>Dans le cadre d\u2019un des formulaires de contact du site internet dans le but de contacter l\u2019entit\u00e9 CERES ADVISORY (ou l\u2019une des entit\u00e9s du Groupe auquel est adoss\u00e9 CERES ADVISORY).<\/p>\n<p>[\/et_pb_cta][et_pb_cta title=\u00a0\u00bb5. Quelles informations collectons-nous ?\u00a0\u00bb admin_label=\u00a0\u00bb5. Quelles informations collectons-nous ?\u00a0\u00bb module_class=\u00a0\u00bbcgv-title\u00a0\u00bb _builder_version=\u00a0\u00bb4.19.5&Prime; _module_preset=\u00a0\u00bbdefault\u00a0\u00bb background_layout=\u00a0\u00bblight\u00a0\u00bb global_colors_info=\u00a0\u00bb{}\u00a0\u00bb]<\/p>\n<ul>\n<li><u>Les Donn\u00e9es Personnelles collect\u00e9es directement aupr\u00e8s de vous\u00a0:<\/u><\/li>\n<\/ul>\n<p>Parmi les Donn\u00e9es Personnelles collect\u00e9es directement aupr\u00e8s de vous, lors d\u2019un entretien, nous pouvons collecter les donn\u00e9es suivantes\u00a0:<\/p>\n<p>\u2013\u00a0Nom, pr\u00e9nom, Nom de jeune fille, sexe, adresse postale, nationalit\u00e9, informations l\u00e9gales relatives \u00e0 la pr\u00e9sence en France (num\u00e9ro de carte de s\u00e9jour, date d\u2019obtention), niveau d\u2019\u00e9tude et dipl\u00f4me, adresse email, IBAN, nombre d\u2019enfant, situation de famille, date et lieu de naissance, num\u00e9ro de s\u00e9curit\u00e9 sociale, t\u00e9l\u00e9phone.<\/p>\n<ul>\n<li><u>Les Donn\u00e9es Personnelles collect\u00e9es indirectement :<\/u><\/li>\n<\/ul>\n<p>De plus, nous pouvons collecter des Donn\u00e9es Personnelles, de mani\u00e8re indirecte, aupr\u00e8s de site sur lesquels vous auriez mis vos informations \u00e0 disposition (LinkedIn, Viadeo\u2026). Dans ce cas, les donn\u00e9es collect\u00e9es seraient limit\u00e9es aux donn\u00e9es mises \u00e0 disposition.<\/p>\n<p>[\/et_pb_cta][et_pb_cta title=\u00a0\u00bb6. Pour quelle(s) finalit\u00e9(s) collectons-nous vos Donn\u00e9es ?\u00a0\u00bb admin_label=\u00a0\u00bb6. Pour quelle(s) finalit\u00e9(s) collectons-nous vos Donn\u00e9es ?\u00a0\u00bb module_class=\u00a0\u00bbcgv-title\u00a0\u00bb _builder_version=\u00a0\u00bb4.19.5&Prime; _module_preset=\u00a0\u00bbdefault\u00a0\u00bb background_layout=\u00a0\u00bblight\u00a0\u00bb global_colors_info=\u00a0\u00bb{}\u00a0\u00bb]<\/p>\n<p>Les Donn\u00e9es Personnelles que nous collectons directement aupr\u00e8s de vous, notamment lors de l\u2019embauche, ou des entretiens annuels peuvent \u00eatre trait\u00e9es pour les finalit\u00e9s suivantes\u00a0:<\/p>\n<ul>\n<li><strong>Traitement n\u00b0 1 : Recrutement de nouveaux collaborateurs<\/strong>\n<ul>\n<li>Recherche de profils sur les r\u00e9seaux sociaux, entretiens de d\u00e9termination des comp\u00e9tences techniques et fonctionnelles, appr\u00e9ciation du savoir-\u00eatre et motivations.<\/li>\n<\/ul>\n<\/li>\n<li><strong>Traitement n\u00b0 2\u00a0: Recherche de missions<\/strong>\n<ul>\n<li>Recherche de missions en client\u00e8le.<\/li>\n<\/ul>\n<\/li>\n<li><strong>Traitement n\u00b0 3\u00a0: D\u00e9part d\u2019un collaborateur<\/strong>\n<ul>\n<li>D\u00e9mission d\u2019un collaborateur, proc\u00e9dure de fin de contrat.<\/li>\n<\/ul>\n<\/li>\n<li><strong>Traitement n\u00b0 4\u00a0: Traitement de la paie<\/strong>\n<ul>\n<li>Calcul des r\u00e9mun\u00e9rations et transmission des bulletins de salaire.<\/li>\n<\/ul>\n<\/li>\n<li><strong>Traitement n\u00b0 5\u00a0: Evolution de carri\u00e8re des collaborateurs<\/strong>\n<ul>\n<li>Comit\u00e9 mensuel d\u2019examen des souhaits d\u2019\u00e9volution de carri\u00e8re.<\/li>\n<\/ul>\n<\/li>\n<li><strong>Traitement n\u00b0 6\u00a0: Gestion des besoins de formation des collaborateurs<\/strong>\n<ul>\n<li>Comit\u00e9 mensuel d\u2019examen des souhaits ou besoin de formation des collaborateurs.<\/li>\n<\/ul>\n<\/li>\n<li><strong>Traitement n\u00b0 7\u00a0: Entretien disciplinaire<\/strong>\n<ul>\n<li>Entretien mis en place suite \u00e0 un manquement d\u2019un collaborateur.<\/li>\n<\/ul>\n<\/li>\n<li><strong>Traitement n\u00b0 8\u00a0: Pilotage de l\u2019entit\u00e9<\/strong>\n<ul>\n<li>Production d\u2019\u00e9l\u00e9ments de suivi op\u00e9rationnel pour l\u2019\u00e9tablissement de tableaux de bord de pilotage des entit\u00e9s.<\/li>\n<\/ul>\n<\/li>\n<li><strong>Traitement n\u00b0 9\u00a0: R\u00e9ponse aux obligations l\u00e9gales<\/strong>\n<ul>\n<li>Transmission aux organismes tut\u00e9laires des informations requises.<\/li>\n<\/ul>\n<\/li>\n<\/ul>\n<p><strong>Pour les Clients et Prospects\u00a0:<\/strong> <br \/>Prospection commerciale B2B par t\u00e9l\u00e9phone ou campagnes d\u2019emailing, enqu\u00eate de satisfactions, gestion des \u00e9v\u00e9nements internes et externes, \u00e9changes de contacts prospects entre les diff\u00e9rentes entit\u00e9s du groupe et avec les partenaires<\/p>\n<p><strong>Pour les Partenaires<\/strong>\u00a0: <br \/>Gestion de partenaires, \u00e9changes de contacts partenaires avec nos clients et prospects, gestion des \u00e9v\u00e8nements internes et externes<\/p>\n<p>[\/et_pb_cta][et_pb_cta title=\u00a0\u00bb7. Durant combien de temps vos Donn\u00e9es Personnelles sont-elles conserv\u00e9es ?\u00a0\u00bb admin_label=\u00a0\u00bb7. Durant combien de temps vos Donn\u00e9es Personnelles sont-elles conserv\u00e9es ?\u00a0\u00bb module_class=\u00a0\u00bbcgv-title\u00a0\u00bb _builder_version=\u00a0\u00bb4.19.5&Prime; _module_preset=\u00a0\u00bbdefault\u00a0\u00bb background_layout=\u00a0\u00bblight\u00a0\u00bb global_colors_info=\u00a0\u00bb{}\u00a0\u00bb]<\/p>\n<p><strong>7.1 Selon votre profil et la typologie de vos Donn\u00e9es Personnelles,<\/strong><\/p>\n<p>Les dur\u00e9es de r\u00e9tention sont list\u00e9es ci-dessous\u00a0:<\/p>\n<p><u>Collaborateur et ex-collaborateur<\/u><\/p>\n<ul>\n<li>Donn\u00e9es personnelles\u00a0: 1 an \u00e0 compter de la fin du contrat<\/li>\n<li>Bulletin de paie\u00a0: 5 ans \u00e0 compter de la fin du contrat<\/li>\n<li>El\u00e9ments d\u2019\u00e9valuation p\u00e9riodique (fiche projet, EA) : jusqu\u2019\u00e0 la d\u00e9mission du collaborateur<\/li>\n<li>Dossier disciplinaires, formations\u00a0: jusqu\u2019\u00e0 la d\u00e9mission du collaborateur<\/li>\n<li>Donn\u00e9es de badgage (pour les collaborateurs concern\u00e9s)\u00a0: 3 mois<\/li>\n<li>Donn\u00e9es de t\u00e9l\u00e9phonie (pour les collaborateurs concern\u00e9s)\u00a0: 3 mois<\/li>\n<li>Donn\u00e9es de vid\u00e9o-surveillance (pour les collaborateurs concern\u00e9s)\u00a0: 3 mois<\/li>\n<li>Documents concernant les contrats de travail (y compris avenant)\u00a0: 5 ans \u00e0 compter de la fin du contrat<\/li>\n<li>Lettre de notification du licenciement\u00a0: 5 ans \u00e0 compter de la fin du contrat<\/li>\n<li>Re\u00e7u pour solde de tout compte\u00a0: 5 ans \u00e0 compter de la fin du contrat<\/li>\n<\/ul>\n<p><u>Candidat<\/u><\/p>\n<ul>\n<li>C.V.\u00a0: deux ans apr\u00e8s le dernier contact avec consentement explicite<\/li>\n<li>Lettre de motivation\u00a0: deux ans apr\u00e8s le dernier contact avec consentement explicite<\/li>\n<li>Compte rendu d\u2019entretien, avis, tests\u00a0: deux ans apr\u00e8s le dernier contact avec consentement explicite<\/li>\n<li>Donn\u00e9es personnelles\u00a0: deux ans apr\u00e8s le dernier contact avec consentement explicite<\/li>\n<\/ul>\n<p><u>Clients\u00a0\/ prospects <\/u><\/p>\n<ul>\n<li>3 ans \u00e0 partir de la collecte\u00a0ou du dernier \u00e9change avec notre client \/ prospect<\/li>\n<\/ul>\n<p><u>Partenaires <\/u><\/p>\n<ul>\n<li>3 ans \u00e0 partir de la collecte\u00a0ou du dernier \u00e9change avec le partenaire<\/li>\n<\/ul>\n<p>[\/et_pb_cta][et_pb_cta title=\u00a0\u00bb8. Qui a acc\u00e8s \u00e0 vos Donn\u00e9es Personnelles ?\u00a0\u00bb admin_label=\u00a0\u00bb8. Qui a acc\u00e8s \u00e0 vos Donn\u00e9es Personnelles ?\u00a0\u00bb module_class=\u00a0\u00bbcgv-title\u00a0\u00bb _builder_version=\u00a0\u00bb4.19.5&Prime; _module_preset=\u00a0\u00bbdefault\u00a0\u00bb background_layout=\u00a0\u00bblight\u00a0\u00bb global_colors_info=\u00a0\u00bb{}\u00a0\u00bb]<\/p>\n<p>Peuvent avoir acc\u00e8s \u00e0 vos Donn\u00e9es Personnelles\u00a0:<\/p>\n<ul>\n<li>Seuls certains de nos collaborateurs, d\u00fbment habilit\u00e9s, bas\u00e9s au si\u00e8ge du Groupe et affect\u00e9s aux missions RH, Marketing \/ Communication, Administration ou commerciales ont acc\u00e8s vos Donn\u00e9es Personnelles, uniquement en cas de besoin et ils sont soumis \u00e0 une stricte obligation de confidentialit\u00e9.<\/li>\n<li>Les Sous-Traitants ou fournisseurs de prestation, auxquels nous faisons appel en mati\u00e8re de prestations techniques, fournisseurs de solutions analytiques, etc.\u00a0;<\/li>\n<li>Nos partenaires, dans le cadre d\u2019actions Marketing \/ Communication \/ Commerciales communes<\/li>\n<\/ul>\n<p>[\/et_pb_cta][et_pb_cta title=\u00a0\u00bb9. Transfert de vos Donn\u00e9es Personnelles\u00a0\u00bb admin_label=\u00a0\u00bb9. Transfert de vos Donn\u00e9es Personnelles\u00a0\u00bb module_class=\u00a0\u00bbcgv-title\u00a0\u00bb _builder_version=\u00a0\u00bb4.19.5&Prime; _module_preset=\u00a0\u00bbdefault\u00a0\u00bb background_layout=\u00a0\u00bblight\u00a0\u00bb global_colors_info=\u00a0\u00bb{}\u00a0\u00bb]<\/p>\n<p><span style=\"font-size: 11.0pt; font-family: 'Segoe UI',sans-serif;\">Nous vous informons que vos donn\u00e9es personnelles, limit\u00e9es \u00e0 la dimension \u00ab\u00a0exp\u00e9rience professionnelle\u00a0\u00bb sont susceptibles d\u2019\u00eatre transf\u00e9r\u00e9es vers une des entit\u00e9s du Groupe auquel est adoss\u00e9 CERES ADVISORY dans le cadre de recherche de mission.<br \/>Ce transfert sera fait apr\u00e8s accord de la personne concern\u00e9e.<br \/>L\u2019entit\u00e9 recevant les donn\u00e9es personnelles est soumise \u00e0 la m\u00eame Politique de Protection des Donn\u00e9es.<\/span><\/p>\n<p>[\/et_pb_cta][et_pb_cta title=\u00a0\u00bb10. Vos droits\u00a0\u00bb admin_label=\u00a0\u00bb10. Vos droits\u00a0\u00bb module_class=\u00a0\u00bbcgv-title\u00a0\u00bb _builder_version=\u00a0\u00bb4.27.4&Prime; _module_preset=\u00a0\u00bbdefault\u00a0\u00bb background_layout=\u00a0\u00bblight\u00a0\u00bb global_colors_info=\u00a0\u00bb{}\u00a0\u00bb]<\/p>\n<p>Vous disposez d\u2019un droit d\u2019acc\u00e8s, rectification, effacement, limitation, opposition et du droit de d\u00e9finir des directives relatives au sort de vos donn\u00e9es en cas de d\u00e9c\u00e8s, ainsi qu\u2019un droit \u00e0 la portabilit\u00e9 de vos donn\u00e9es.<\/p>\n<p><strong>10.1 Contact<\/strong><\/p>\n<p>Vous pouvez exercer vos droits\u00a0:<\/p>\n<p>\u2013\u00a0\u00a0\u00a0\u00a0\u00a0\u00a0 En \u00e9crivant \u00e0 l\u2019adresse email\u00a0:\u00a0<a href=\"mailto:dpo@ceres-advisory.io\">dpo@ceres-advisory.io<\/a><br \/>ou<br \/>\u2013\u00a0 \u00a0 \u00a0 \u00a0En \u00e9crivant \u00e0 l\u2019adresse postale\u00a0:<br \/>CERES ADVISORY, \u00e0 l\u2019attention du D\u00e9l\u00e9gu\u00e9 \u00e0 la Protection des Donn\u00e9es, 8 place du march\u00e9 92200 NEUILLY-SUR-SEINE<\/p>\n<p><strong>10.2 Documents justificatifs<\/strong><\/p>\n<p>En application des dispositions du d\u00e9cret n\u00b02007-451 du 25 mars 2007 portant modification du d\u00e9cret n\u00b02005-1309 du 20 octobre 2005 pris pour l\u2019application de la loi n\u00b078-17 du 6 janvier 1078 relative \u00e0 l\u2019informatique, aux fichiers et aux libert\u00e9s, votre demande d\u2019exercice de l\u2019un de vos droits devra \u00eatre accompagn\u00e9e de la photocopie d\u2019un titre d\u2019identit\u00e9 portant la signature du titulaire. Votre demande devra \u00e9galement pr\u00e9ciser l\u2019adresse \u00e0 laquelle la r\u00e9ponse devra parvenir.<\/p>\n<p>Nous disposerons alors d\u2019un d\u00e9lai d\u2019un (1) mois suivant r\u00e9ception de la demande pour vous r\u00e9pondre.\u00a0 Ce d\u00e9lai peut \u00eatre prolong\u00e9 de deux (2) mois compte tenu de la complexit\u00e9 et du nombre de demandes.<\/p>\n<p>Ces droits ne sont pas absolus\u00a0: vous pouvez les exercer dans le cadre l\u00e9gal pr\u00e9vu et dans les limites de ces droits. Dans certains cas nous ne pourrons pas r\u00e9pondre favorablement \u00e0 votre demande (obligation l\u00e9gale, respect de nos engagements envers vous, \u2026). Si c\u2019est le cas, nous vous communiquerons la ou les raisons de ce refus.<\/p>\n<p><strong>10.3 Droit d\u2019acc\u00e8s, de rectification ou d\u2019effacement<\/strong><\/p>\n<p>En tant que collaborateur, vous pouvez acc\u00e9der aux Donn\u00e9es Personnelles que nous avons collect\u00e9es directement aupr\u00e8s de vous afin de les rectifier, compl\u00e9ter ou effacer toute information inexacte en\u00a0:<\/p>\n<p>\u2013\u00a0\u00a0\u00a0\u00a0\u00a0\u00a0 Vous connectant directement sur l\u2019intranet avec votre Compte Utilisateur, section \u00ab\u00a0collaborateur\u00a0\u00bb\u00a0: modifiez les informations inexactes\/incompl\u00e8tes puis enregistrez les modifications\u00a0;<\/p>\n<p>\u2013\u00a0\u00a0\u00a0\u00a0\u00a0\u00a0 Nous contactant directement au(x) adresse(s) email et\/ou postale indiqu\u00e9es ci-dessus.<\/p>\n<p>Vous disposez d\u2019un droit \u00e0 l\u2019effacement de vos Donn\u00e9es Personnelles, lorsque\u00a0:<\/p>\n<p>\u2013\u00a0\u00a0\u00a0\u00a0\u00a0\u00a0 Celles-ci ne sont plus n\u00e9cessaires au regard des finalit\u00e9s pour lesquelles elles ont \u00e9t\u00e9 collect\u00e9es\u00a0ou trait\u00e9es ;<\/p>\n<p>ou<\/p>\n<p>\u2013\u00a0\u00a0\u00a0\u00a0\u00a0\u00a0 Vous vous \u00eates oppos\u00e9 \u00e0 ce traitement et il n\u2019existe aucun motif l\u00e9gitime imp\u00e9rieux justifiant ce traitement ;<\/p>\n<p>ou<\/p>\n<p>\u2013\u00a0\u00a0\u00a0\u00a0\u00a0\u00a0 Les Donn\u00e9es Personnelles doivent \u00eatre effac\u00e9es pour respecter une obligation l\u00e9gale,\u00a0pr\u00e9vue par la l\u00e9gislation de l\u2019Union ou des Etats membres.<\/p>\n<p>En tant que candidat ou utilisateur (cf paragraphe d\u00e9finitions), vous pouvez effectuer un retrait du consentement \u00e0 l\u2019utilisation de vos donn\u00e9es personnelles d\u00e9tenues par l\u2019une des entit\u00e9s du Groupe Quanteam sans restriction.<\/p>\n<p><strong>10.4 Droit \u00e0 la limitation du traitement<\/strong><\/p>\n<p>Vous disposez d\u2019un droit d\u2019obtenir la limitation du traitement lorsque l\u2019une des conditions suivantes s\u2019applique\u00a0:<\/p>\n<p>\u2013\u00a0\u00a0\u00a0\u00a0\u00a0\u00a0 Vous contestez l\u2019exactitude des Donn\u00e9es Personnelles\u00a0;<\/p>\n<p>ou<\/p>\n<p>\u2013\u00a0\u00a0\u00a0\u00a0\u00a0\u00a0 Le traitement est illicite et vous vous opposez \u00e0 l\u2019effacement de vos Donn\u00e9es Personnelles et demandez plut\u00f4t la limitation de leur utilisation\u00a0;<\/p>\n<p>ou<\/p>\n<p>\u2013\u00a0\u00a0\u00a0\u00a0\u00a0\u00a0 L\u2019entit\u00e9 CERES ADVISORY (ou l\u2019une des entit\u00e9s du Groupe auquel est adoss\u00e9 CERES ADVISORY) n\u2019a plus besoin des Donn\u00e9es Personnelles aux fins du traitement, mais elles sont requises par vous pour l\u2019\u00e9tablissement, l\u2019exercice ou la d\u00e9fense de vos droits\u00a0;<\/p>\n<p>ou<\/p>\n<p>\u2013\u00a0\u00a0\u00a0\u00a0\u00a0\u00a0 Vous vous \u00eates oppos\u00e9s au traitement et une v\u00e9rification doit \u00eatre effectu\u00e9e afin de savoir si les motifs l\u00e9gitimes de l\u2019entit\u00e9 CERES ADVISORY (ou l\u2019une des entit\u00e9s du Groupe auquel est adoss\u00e9 CERES ADVISORY) l\u2019emportent sur les v\u00f4tres.<\/p>\n<p><strong>10.5 Droit \u00e0 la portabilit\u00e9 de vos Donn\u00e9es Personnelles<\/strong><\/p>\n<p>Vous disposez du droit \u00e0 la portabilit\u00e9 de vos Donn\u00e9es Personnelles, c\u2019est-\u00e0-dire de recevoir les Donn\u00e9es Personnelles que vous nous avez fournies, dans un format structur\u00e9, couramment utilis\u00e9 et lisible par machine et de les transmettre \u00e0 un autre responsable de traitement.<\/p>\n<p>Pour exercer votre droit \u00e0 la portabilit\u00e9 de vos Donn\u00e9es Personnelles, nous vous invitons \u00e0 nous contacter via l\u2019un des moyens mis \u00e0 votre disposition au paragraphe 10.1 Contact de la pr\u00e9sente politique.<\/p>\n<p><strong>10.6 Droit d\u2019introduire une r\u00e9clamation aupr\u00e8s de l\u2019autorit\u00e9 de contr\u00f4le comp\u00e9tente<\/strong><\/p>\n<p>En cas de difficult\u00e9s, vous disposez du droit d\u2019introduire une r\u00e9clamation aupr\u00e8s de la CNIL\u00a0:\u00a0<a href=\"https:\/\/www.cnil.fr\/fr\/plaintes\"><em>https:\/\/www.cnil.fr\/fr\/plaintes<\/em><\/a><\/p>\n<p><strong><br \/>10.7 Directives relatives au sort de vos Donn\u00e9es Personnelles apr\u00e8s votre d\u00e9c\u00e8s<\/strong><\/p>\n<p>Vous disposez du droit de d\u00e9finir des directives relatives au sort de vos Donn\u00e9es Personnelles apr\u00e8s votre d\u00e9c\u00e8s.<\/p>\n<p>Pour exercer ce droit, nous vous invitons \u00e0 nous adresser un email \u00e0\u00a0<a href=\"mailto:dpo@ceres-advisory.io\">dpo@ceres-advisory.io<\/a>\u00a0:<\/p>\n<ul>\n<li>Ayant pour objet \u00ab\u00a0Directives relatives au sort de mes Donn\u00e9es Personnelles apr\u00e8s mon d\u00e9c\u00e8s\u00a0\u00bb\u00a0;<\/li>\n<li>Nous indiquer la(es) personne(s) pouvant agir aupr\u00e8s de nous dans l\u2019hypoth\u00e8se de votre d\u00e9c\u00e8s, ainsi les instructions que vous souhaitez que nous respections.<\/li>\n<\/ul>\n<p>Dans l\u2019hypoth\u00e8se o\u00f9 un collaborateur d\u00e9c\u00e8de sans avoir laiss\u00e9 de directives relatives au sort de ses Donn\u00e9es Personnelles apr\u00e8s son d\u00e9c\u00e8s, les h\u00e9ritiers de celui-ci peuvent demander \u00e0 l\u2019effacement des donn\u00e9es du d\u00e9funt apr\u00e8s finalisation de l\u2019ensemble des d\u00e9marches n\u00e9cessaires, en nous contactant par email \u00e0 \u00a0<a href=\"mailto:dpo@asigma.fr\">dpo@ceres-advisory.io<\/a><\/p>\n<p>[\/et_pb_cta][et_pb_cta title=\u00a0\u00bb11. Comment vos Donn\u00e9es Personnelles sont-elles s\u00e9curis\u00e9es ?\u00a0\u00bb admin_label=\u00a0\u00bb11. Comment vos Donn\u00e9es Personnelles sont-elles s\u00e9curis\u00e9es ?\u00a0\u00bb module_class=\u00a0\u00bbcgv-title\u00a0\u00bb _builder_version=\u00a0\u00bb4.19.5&Prime; _module_preset=\u00a0\u00bbdefault\u00a0\u00bb background_layout=\u00a0\u00bblight\u00a0\u00bb global_colors_info=\u00a0\u00bb{}\u00a0\u00bb]<\/p>\n<p><span style=\"font-size: 11.0pt; font-family: 'Segoe UI',sans-serif;\">L\u2019entit\u00e9 CERES ADVISORY et les entit\u00e9s du Groupe auquel est adoss\u00e9 CERES ADVISORY s\u2019assurent que vos donn\u00e9es sont trait\u00e9es en toute s\u00e9curit\u00e9 et confidentialit\u00e9, y compris lorsque certaines op\u00e9rations sont r\u00e9alis\u00e9es par des sous-traitants ou partenaires. A cet effet les mesures techniques et organisationnelles appropri\u00e9es pour \u00e9viter la perte, la mauvaise utilisation, l\u2019alt\u00e9ration et la suppression des donn\u00e9es personnelles vous concernant sont mises en place. Ces mesures sont adapt\u00e9es selon le niveau de sensibilit\u00e9 des donn\u00e9es trait\u00e9es et selon le niveau de risque que pr\u00e9sente le traitement ou sa mise en \u0153uvre.<\/span><\/p>\n<p>[\/et_pb_cta][et_pb_cta title=\u00a0\u00bb12. Comment vos Donn\u00e9es Personnelles sont-elles s\u00e9curis\u00e9es ?\u00a0\u00bb admin_label=\u00a0\u00bb12. Comment vos Donn\u00e9es Personnelles sont-elles s\u00e9curis\u00e9es ?\u00a0\u00bb module_class=\u00a0\u00bbcgv-title\u00a0\u00bb _builder_version=\u00a0\u00bb4.19.5&Prime; _module_preset=\u00a0\u00bbdefault\u00a0\u00bb background_layout=\u00a0\u00bblight\u00a0\u00bb global_colors_info=\u00a0\u00bb{}\u00a0\u00bb]<\/p>\n<p><span style=\"font-size: 11.0pt; font-family: 'Segoe UI',sans-serif;\">La pr\u00e9sente Politique de protection des donn\u00e9es personnelles sera l\u2019objet d\u2019une r\u00e9vision annuelle et pourra \u00eatre amend\u00e9e en cas de changement significatif du cadre r\u00e9glementaire ou de nouvelles dispositions mises en \u0153uvre au sein de l\u2019entit\u00e9 CERES ADVISORY et des entit\u00e9s du Groupe auquel est adoss\u00e9 CERES ADVISORY.<\/span><\/p>\n<p>[\/et_pb_cta][et_pb_cta title=\u00a0\u00bb13. Formulaire de contact g\u00e9n\u00e9ral du site Internet\u00a0\u00bb admin_label=\u00a0\u00bb13. Formulaire de contact\u00a0\u00bb module_id=\u00a0\u00bbformulaire\u00a0\u00bb module_class=\u00a0\u00bbcgv-title\u00a0\u00bb _builder_version=\u00a0\u00bb4.27.4&Prime; _module_preset=\u00a0\u00bbdefault\u00a0\u00bb background_layout=\u00a0\u00bblight\u00a0\u00bb hover_enabled=\u00a0\u00bb0&Prime; global_colors_info=\u00a0\u00bb{}\u00a0\u00bb sticky_enabled=\u00a0\u00bb0&Prime;]<\/p>\n<p>Les informations collect\u00e9es sur ce formulaire sont utilis\u00e9es par le cabinet CERES ADVISORY afin de traiter votre demande d\u2019informations. Elles sont enregistr\u00e9es et transmises au service concern\u00e9 pour pouvoir traiter votre demande. Vous pouvez acc\u00e9der, modifier, faire valoir votre droit \u00e0 la portabilit\u00e9, faire supprimer toute donn\u00e9es vous concernant, demander la limitation du traitement de vos donn\u00e9es, retirer votre consentement et vous opposer au traitement de vos donn\u00e9es en vous adressant par courrier postal \u00e0 l\u2019adresse suivante : Ceres Advisory \u2013 Service Communication \u2013 8, place du March\u00e9 92200 Neuilly-sur-Seine ou par courrier \u00e9lectronique \u00e0 l\u2019adresse suivante : dpo@ceres-advisory.io. Pour plus d\u2019informations sur la gestion de vos donn\u00e9es et vos droits, consultez notre politique de protection des donn\u00e9es personnelles<\/p>\n<p><em>Derni\u00e8re mise \u00e0 jour le 27\/01\/2025<\/em><\/p>\n<p>[\/et_pb_cta][\/et_pb_column][\/et_pb_row][\/et_pb_section]<\/p>\n","protected":false},"excerpt":{"rendered":"<p>Le pr\u00e9sent document est destin\u00e9 \u00e0 vous informer de la politique men\u00e9e par CERES ADVISORY en mati\u00e8re de protection des donn\u00e9es \u00e0 caract\u00e8re personnel et des droits relatifs \u00e0 la protection des donn\u00e9es \u00e0 caract\u00e8re personnel. Cette politique est consultable \u00e0 partir du site internet https:\/\/www.ceres-advisory.io et peut \u00eatre mise \u00e0 disposition sur simple demande [&hellip;]<\/p>\n","protected":false},"author":2,"featured_media":0,"parent":0,"menu_order":0,"comment_status":"closed","ping_status":"closed","template":"","meta":{"_et_pb_use_builder":"on","_et_pb_old_content":"","_et_gb_content_width":"","footnotes":""},"class_list":["post-688","page","type-page","status-publish","hentry"],"yoast_head":"<!-- This site is optimized with the Yoast SEO plugin v27.4 - https:\/\/yoast.com\/product\/yoast-seo-wordpress\/ -->\n<title>Politique de confidentialit\u00e9 - Ceres Advisory - Conseil en Blockchain<\/title>\n<meta name=\"description\" content=\"D\u00e9couvrez la politique de confidentialit\u00e9 Ceres Advisory - Cabinet de Conseil sp\u00e9cialis\u00e9 en blockchain et Web 3.0 en France et \u00e0 l&#039;international\" \/>\n<meta name=\"robots\" content=\"index, follow, max-snippet:-1, max-image-preview:large, max-video-preview:-1\" \/>\n<link rel=\"canonical\" href=\"https:\/\/www.ceres-advisory.io\/index.php\/politique-de-confidentialite\/\" \/>\n<meta property=\"og:locale\" content=\"fr_FR\" \/>\n<meta property=\"og:type\" content=\"article\" \/>\n<meta property=\"og:title\" content=\"Politique de confidentialit\u00e9 - Ceres Advisory - Conseil en Blockchain\" \/>\n<meta property=\"og:description\" content=\"D\u00e9couvrez la politique de confidentialit\u00e9 Ceres Advisory - Cabinet de Conseil sp\u00e9cialis\u00e9 en blockchain et Web 3.0 en France et \u00e0 l&#039;international\" \/>\n<meta property=\"og:url\" content=\"https:\/\/www.ceres-advisory.io\/index.php\/politique-de-confidentialite\/\" \/>\n<meta property=\"og:site_name\" content=\"Ceres Advisory\" \/>\n<meta property=\"article:modified_time\" content=\"2025-01-27T10:45:22+00:00\" \/>\n<meta name=\"twitter:card\" content=\"summary_large_image\" \/>\n<meta name=\"twitter:label1\" content=\"Dur\u00e9e de lecture estim\u00e9e\" \/>\n\t<meta name=\"twitter:data1\" content=\"15 minutes\" \/>\n<script type=\"application\/ld+json\" class=\"yoast-schema-graph\">{\"@context\":\"https:\\\/\\\/schema.org\",\"@graph\":[{\"@type\":\"WebPage\",\"@id\":\"https:\\\/\\\/www.ceres-advisory.io\\\/index.php\\\/politique-de-confidentialite\\\/\",\"url\":\"https:\\\/\\\/www.ceres-advisory.io\\\/index.php\\\/politique-de-confidentialite\\\/\",\"name\":\"Politique de confidentialit\u00e9 - Ceres Advisory - Conseil en Blockchain\",\"isPartOf\":{\"@id\":\"https:\\\/\\\/www.ceres-advisory.io\\\/#website\"},\"datePublished\":\"2023-02-09T08:47:26+00:00\",\"dateModified\":\"2025-01-27T10:45:22+00:00\",\"description\":\"D\u00e9couvrez la politique de confidentialit\u00e9 Ceres Advisory - Cabinet de Conseil sp\u00e9cialis\u00e9 en blockchain et Web 3.0 en France et \u00e0 l'international\",\"breadcrumb\":{\"@id\":\"https:\\\/\\\/www.ceres-advisory.io\\\/index.php\\\/politique-de-confidentialite\\\/#breadcrumb\"},\"inLanguage\":\"fr-FR\",\"potentialAction\":[{\"@type\":\"ReadAction\",\"target\":[\"https:\\\/\\\/www.ceres-advisory.io\\\/index.php\\\/politique-de-confidentialite\\\/\"]}]},{\"@type\":\"BreadcrumbList\",\"@id\":\"https:\\\/\\\/www.ceres-advisory.io\\\/index.php\\\/politique-de-confidentialite\\\/#breadcrumb\",\"itemListElement\":[{\"@type\":\"ListItem\",\"position\":1,\"name\":\"Accueil\",\"item\":\"https:\\\/\\\/www.ceres-advisory.io\\\/\"},{\"@type\":\"ListItem\",\"position\":2,\"name\":\"Politique de confidentialit\u00e9\"}]},{\"@type\":\"WebSite\",\"@id\":\"https:\\\/\\\/www.ceres-advisory.io\\\/#website\",\"url\":\"https:\\\/\\\/www.ceres-advisory.io\\\/\",\"name\":\"Ceres Advisory\",\"description\":\"Un site utilisant WordPress\",\"potentialAction\":[{\"@type\":\"SearchAction\",\"target\":{\"@type\":\"EntryPoint\",\"urlTemplate\":\"https:\\\/\\\/www.ceres-advisory.io\\\/?s={search_term_string}\"},\"query-input\":{\"@type\":\"PropertyValueSpecification\",\"valueRequired\":true,\"valueName\":\"search_term_string\"}}],\"inLanguage\":\"fr-FR\"}]}<\/script>\n<!-- \/ Yoast SEO plugin. -->","yoast_head_json":{"title":"Politique de confidentialit\u00e9 - Ceres Advisory - Conseil en Blockchain","description":"D\u00e9couvrez la politique de confidentialit\u00e9 Ceres Advisory - Cabinet de Conseil sp\u00e9cialis\u00e9 en blockchain et Web 3.0 en France et \u00e0 l'international","robots":{"index":"index","follow":"follow","max-snippet":"max-snippet:-1","max-image-preview":"max-image-preview:large","max-video-preview":"max-video-preview:-1"},"canonical":"https:\/\/www.ceres-advisory.io\/index.php\/politique-de-confidentialite\/","og_locale":"fr_FR","og_type":"article","og_title":"Politique de confidentialit\u00e9 - Ceres Advisory - Conseil en Blockchain","og_description":"D\u00e9couvrez la politique de confidentialit\u00e9 Ceres Advisory - Cabinet de Conseil sp\u00e9cialis\u00e9 en blockchain et Web 3.0 en France et \u00e0 l'international","og_url":"https:\/\/www.ceres-advisory.io\/index.php\/politique-de-confidentialite\/","og_site_name":"Ceres Advisory","article_modified_time":"2025-01-27T10:45:22+00:00","twitter_card":"summary_large_image","twitter_misc":{"Dur\u00e9e de lecture estim\u00e9e":"15 minutes"},"schema":{"@context":"https:\/\/schema.org","@graph":[{"@type":"WebPage","@id":"https:\/\/www.ceres-advisory.io\/index.php\/politique-de-confidentialite\/","url":"https:\/\/www.ceres-advisory.io\/index.php\/politique-de-confidentialite\/","name":"Politique de confidentialit\u00e9 - Ceres Advisory - Conseil en Blockchain","isPartOf":{"@id":"https:\/\/www.ceres-advisory.io\/#website"},"datePublished":"2023-02-09T08:47:26+00:00","dateModified":"2025-01-27T10:45:22+00:00","description":"D\u00e9couvrez la politique de confidentialit\u00e9 Ceres Advisory - Cabinet de Conseil sp\u00e9cialis\u00e9 en blockchain et Web 3.0 en France et \u00e0 l'international","breadcrumb":{"@id":"https:\/\/www.ceres-advisory.io\/index.php\/politique-de-confidentialite\/#breadcrumb"},"inLanguage":"fr-FR","potentialAction":[{"@type":"ReadAction","target":["https:\/\/www.ceres-advisory.io\/index.php\/politique-de-confidentialite\/"]}]},{"@type":"BreadcrumbList","@id":"https:\/\/www.ceres-advisory.io\/index.php\/politique-de-confidentialite\/#breadcrumb","itemListElement":[{"@type":"ListItem","position":1,"name":"Accueil","item":"https:\/\/www.ceres-advisory.io\/"},{"@type":"ListItem","position":2,"name":"Politique de confidentialit\u00e9"}]},{"@type":"WebSite","@id":"https:\/\/www.ceres-advisory.io\/#website","url":"https:\/\/www.ceres-advisory.io\/","name":"Ceres Advisory","description":"Un site utilisant WordPress","potentialAction":[{"@type":"SearchAction","target":{"@type":"EntryPoint","urlTemplate":"https:\/\/www.ceres-advisory.io\/?s={search_term_string}"},"query-input":{"@type":"PropertyValueSpecification","valueRequired":true,"valueName":"search_term_string"}}],"inLanguage":"fr-FR"}]}},"_links":{"self":[{"href":"https:\/\/www.ceres-advisory.io\/index.php\/wp-json\/wp\/v2\/pages\/688","targetHints":{"allow":["GET"]}}],"collection":[{"href":"https:\/\/www.ceres-advisory.io\/index.php\/wp-json\/wp\/v2\/pages"}],"about":[{"href":"https:\/\/www.ceres-advisory.io\/index.php\/wp-json\/wp\/v2\/types\/page"}],"author":[{"embeddable":true,"href":"https:\/\/www.ceres-advisory.io\/index.php\/wp-json\/wp\/v2\/users\/2"}],"replies":[{"embeddable":true,"href":"https:\/\/www.ceres-advisory.io\/index.php\/wp-json\/wp\/v2\/comments?post=688"}],"version-history":[{"count":8,"href":"https:\/\/www.ceres-advisory.io\/index.php\/wp-json\/wp\/v2\/pages\/688\/revisions"}],"predecessor-version":[{"id":2665,"href":"https:\/\/www.ceres-advisory.io\/index.php\/wp-json\/wp\/v2\/pages\/688\/revisions\/2665"}],"wp:attachment":[{"href":"https:\/\/www.ceres-advisory.io\/index.php\/wp-json\/wp\/v2\/media?parent=688"}],"curies":[{"name":"wp","href":"https:\/\/api.w.org\/{rel}","templated":true}]}}